{"id":1749,"date":"2026-01-02T01:21:11","date_gmt":"2026-01-02T01:21:11","guid":{"rendered":"https:\/\/datajusta.cl\/?page_id=1749"},"modified":"2026-01-14T21:39:15","modified_gmt":"2026-01-14T21:39:15","slug":"sobre-nosotros","status":"publish","type":"page","link":"https:\/\/datajusta.cl\/es\/","title":{"rendered":"Sobre nosotros"},"content":{"rendered":"\t\t<div data-elementor-type=\"wp-page\" data-elementor-id=\"1749\" class=\"elementor elementor-1749\">\n\t\t\t\t<section class=\"elementor-element elementor-element-fa5491a e-flex e-con-boxed e-con e-parent\" data-id=\"fa5491a\" data-element_type=\"container\" id=\"seccion-titulo-pagina\" data-settings=\"{&quot;background_background&quot;:&quot;classic&quot;}\">\n\t\t\t\t\t<div class=\"e-con-inner\">\n\t\t\t\t<div class=\"elementor-element elementor-element-d157caf animated-slow elementor-invisible elementor-widget elementor-widget-heading\" data-id=\"d157caf\" data-element_type=\"widget\" data-settings=\"{&quot;_animation&quot;:&quot;fadeInUp&quot;,&quot;_animation_delay&quot;:100}\" data-widget_type=\"heading.default\">\n\t\t\t\t<div class=\"elementor-widget-container\">\n\t\t\t\t\t<h1 class=\"elementor-heading-title elementor-size-default\">Sobre Data Justa<\/h1>\t\t\t\t<\/div>\n\t\t\t\t<\/div>\n\t\t\t\t\t<\/div>\n\t\t\t\t<\/section>\n\t\t<section class=\"elementor-element elementor-element-4bea2f0 e-flex e-con-boxed e-con e-parent\" data-id=\"4bea2f0\" data-element_type=\"container\" id=\"seccion-descripcion-pagina\" data-settings=\"{&quot;background_background&quot;:&quot;classic&quot;}\">\n\t\t\t\t\t<div class=\"e-con-inner\">\n\t\t\t\t<div class=\"elementor-element elementor-element-d71a6b9 animated-slow elementor-widget__width-initial elementor-widget-tablet__width-inherit elementor-invisible elementor-widget elementor-widget-text-editor\" data-id=\"d71a6b9\" data-element_type=\"widget\" data-settings=\"{&quot;_animation&quot;:&quot;fadeInUp&quot;,&quot;_animation_delay&quot;:100}\" data-widget_type=\"text-editor.default\">\n\t\t\t\t<div class=\"elementor-widget-container\">\n\t\t\t\t\t\t\t\t\t<p>\u201cAnalizamos exhaustiva, interdisciplinaria y colaborativamente las infraestructuras de conocimiento del Estado chileno para la gesti\u00f3n de violaciones a los derechos humanos y severas vulneraciones. Contribuimos a detectar y superar brechas en el tratamiento de estos casos y a promover una gesti\u00f3n integral de las v\u00edctimas\u201d.<\/p>\t\t\t\t\t\t\t\t<\/div>\n\t\t\t\t<\/div>\n\t\t\t\t\t<\/div>\n\t\t\t\t<\/section>\n\t\t<section class=\"elementor-element elementor-element-1e23d1c e-flex e-con-boxed e-con e-parent\" data-id=\"1e23d1c\" data-element_type=\"container\" id=\"seccion-carrusel-ultimas-noticias\">\n\t\t\t\t\t<div class=\"e-con-inner\">\n\t\t\t\t<div class=\"elementor-element elementor-element-b61072d animated-slow elementor-invisible elementor-widget elementor-widget-heading\" data-id=\"b61072d\" data-element_type=\"widget\" data-settings=\"{&quot;_animation&quot;:&quot;fadeInUp&quot;,&quot;_animation_delay&quot;:100}\" data-widget_type=\"heading.default\">\n\t\t\t\t<div class=\"elementor-widget-container\">\n\t\t\t\t\t<h2 class=\"elementor-heading-title elementor-size-default\">\u00daltimas convocatorias y noticias<\/h2>\t\t\t\t<\/div>\n\t\t\t\t<\/div>\n\t\t\t\t<div class=\"elementor-element elementor-element-717c5db animated-slow premium-blog-align-left elementor-invisible elementor-widget elementor-widget-premium-addon-blog\" data-id=\"717c5db\" data-element_type=\"widget\" data-settings=\"{&quot;_animation&quot;:&quot;fadeInUp&quot;,&quot;_animation_delay&quot;:100,&quot;premium_blog_columns_number&quot;:&quot;33.33%&quot;,&quot;premium_blog_carousel&quot;:&quot;yes&quot;,&quot;premium_blog_carousel_play&quot;:&quot;yes&quot;,&quot;premium_blog_grid&quot;:&quot;yes&quot;,&quot;premium_blog_layout&quot;:&quot;even&quot;,&quot;premium_blog_columns_number_tablet&quot;:&quot;50%&quot;,&quot;premium_blog_columns_number_mobile&quot;:&quot;100%&quot;,&quot;scroll_to_offset&quot;:&quot;yes&quot;,&quot;premium_blog_carousel_autoplay_speed&quot;:5000,&quot;carousel_speed&quot;:300,&quot;premium_blog_carousel_spacing&quot;:&quot;15&quot;,&quot;premium_blog_carousel_arrows&quot;:&quot;yes&quot;}\" data-widget_type=\"premium-addon-blog.default\">\n\t\t\t\t<div class=\"elementor-widget-container\">\n\t\t\t\t\t\r\n\t\t\t\t<div class=\"premium-blog-wrap  premium-blog-even premium-carousel-hidden\" data-page=\"1749\">\r\n\t\t\t\t\t<div class=\"premium-blog-post-outer-container\" data-total=\"4\">\r\n\t\t\t<div class=\"premium-blog-post-container premium-blog-skin-classic\">\r\n\t\t\t\t\t\t\t\t\t<div class=\"premium-blog-thumb-effect-wrapper\">\r\n\t\t\t\t\t\t<div class=\"premium-blog-thumbnail-container premium-blog-zoomin-effect\">\r\n\t\t\t\t\t\t\t<img fetchpriority=\"high\" decoding=\"async\" width=\"720\" height=\"1280\" src=\"https:\/\/datajusta.cl\/wp-content\/uploads\/2026\/01\/WhatsApp-Image-2026-01-28-at-13.36.47.jpeg\" class=\"attachment-full size-full wp-image-1993\" alt=\"\" srcset=\"https:\/\/datajusta.cl\/wp-content\/uploads\/2026\/01\/WhatsApp-Image-2026-01-28-at-13.36.47.jpeg 720w, https:\/\/datajusta.cl\/wp-content\/uploads\/2026\/01\/WhatsApp-Image-2026-01-28-at-13.36.47-169x300.jpeg 169w, https:\/\/datajusta.cl\/wp-content\/uploads\/2026\/01\/WhatsApp-Image-2026-01-28-at-13.36.47-576x1024.jpeg 576w, https:\/\/datajusta.cl\/wp-content\/uploads\/2026\/01\/WhatsApp-Image-2026-01-28-at-13.36.47-7x12.jpeg 7w\" sizes=\"(max-width: 720px) 100vw, 720px\" \/>\t\t\t\t\t\t<\/div>\r\n\t\t\t\t\t\t\t\t\t\t\t\t\t<div class=\"premium-blog-thumbnail-overlay\">\r\n\t\t\t\t\t\t\t\t<a class=\"elementor-icon\" href=\"https:\/\/datajusta.cl\/es\/noticias\/contar-para-existir-datos-genero-y-justicia-en-la-respuesta-estatal-al-feminicidio\/\" target=\"_self\"><span>Contar para existir: datos, g\u00e9nero y justicia en la respuesta estatal al femi(ni)cidio<\/span><\/a>\r\n\t\t\t\t\t\t\t<\/div>\r\n\r\n\t\t\t\t\t\t\t\t\t\t\t\t\t\t\t\t\t\t<\/div>\r\n\t\t\t\t\t\t\t\t\t\t\t\t<div class=\"premium-blog-content-wrapper \">\r\n\r\n\t\t\t\t\t<div class=\"premium-blog-inner-container\">\r\n\r\n\t\t\t\t\t\t\t\t\t\t\t\t\t\t<h3 class=\"premium-blog-entry-title\">\r\n\t\t\t<a href=\"https:\/\/datajusta.cl\/es\/noticias\/contar-para-existir-datos-genero-y-justicia-en-la-respuesta-estatal-al-feminicidio\/\" target=\"_self\">\r\n\t\t\t\tContar para existir: datos, g\u00e9nero y justicia en la respuesta estatal al femi(ni)cidio\t\t\t<\/a>\r\n\t\t<\/h3>\r\n\t\t\t\t<div class=\"premium-blog-entry-meta\">\r\n\t\t\t\r\n\t\t\t\t\t\t\t<span class=\"premium-blog-meta-separator\">\u2022<\/span>\r\n\t\t\t\t<div class=\"premium-blog-post-time premium-blog-meta-data\">\r\n\t\t\t\t\t<i class=\"fa fa-calendar-alt\" aria-hidden=\"true\"><\/i>\r\n\t\t\t\t\t<span>enero 28, 2026<\/span>\r\n\t\t\t\t<\/div>\r\n\t\t\t\r\n\t\t\t\r\n\t\t\t\t\t<\/div>\r\n\t\t\r\n\t\t\t\t\t<\/div>\r\n\r\n\t\t\t\t\t\t\t<div class=\"premium-blog-content-inner-wrapper\">\r\n\t\t<p class=\"premium-blog-post-content\">En el marco del XIII Encuentro Red CTS, realizado en la Universidad de Concepci\u00f3n, las investigadoras Paola Moreno y Oriana Bernasconi presentaron \u2026<\/p>\t\t<\/div>\r\n\t\t\t\t\t\t\t\r\n\t\t\t\t<\/div>\r\n\t\t\t<\/div>\r\n\t\t<\/div>\r\n\r\n\t\t\t\t<div class=\"premium-blog-post-outer-container\" data-total=\"4\">\r\n\t\t\t<div class=\"premium-blog-post-container premium-blog-skin-classic\">\r\n\t\t\t\t\t\t\t\t\t<div class=\"premium-blog-thumb-effect-wrapper\">\r\n\t\t\t\t\t\t<div class=\"premium-blog-thumbnail-container premium-blog-zoomin-effect\">\r\n\t\t\t\t\t\t\t<img decoding=\"async\" width=\"593\" height=\"444\" src=\"https:\/\/datajusta.cl\/wp-content\/uploads\/2026\/01\/Laboratorio-DJ.png\" class=\"attachment-full size-full wp-image-1988\" alt=\"\" srcset=\"https:\/\/datajusta.cl\/wp-content\/uploads\/2026\/01\/Laboratorio-DJ.png 593w, https:\/\/datajusta.cl\/wp-content\/uploads\/2026\/01\/Laboratorio-DJ-300x225.png 300w, https:\/\/datajusta.cl\/wp-content\/uploads\/2026\/01\/Laboratorio-DJ-16x12.png 16w\" sizes=\"(max-width: 593px) 100vw, 593px\" \/>\t\t\t\t\t\t<\/div>\r\n\t\t\t\t\t\t\t\t\t\t\t\t\t<div class=\"premium-blog-thumbnail-overlay\">\r\n\t\t\t\t\t\t\t\t<a class=\"elementor-icon\" href=\"https:\/\/datajusta.cl\/es\/noticias\/eje-formativo-data-justa-reunio-a-estudiantes-y-tesistas-en-una-jornada-de-trabajo-y-retroalimentacion\/\" target=\"_self\"><span>Eje formativo: Data Justa reuni\u00f3 a estudiantes y tesistas en una jornada de trabajo y retroalimentaci\u00f3n<\/span><\/a>\r\n\t\t\t\t\t\t\t<\/div>\r\n\r\n\t\t\t\t\t\t\t\t\t\t\t\t\t\t\t\t\t\t<\/div>\r\n\t\t\t\t\t\t\t\t\t\t\t\t<div class=\"premium-blog-content-wrapper \">\r\n\r\n\t\t\t\t\t<div class=\"premium-blog-inner-container\">\r\n\r\n\t\t\t\t\t\t\t\t\t\t\t\t\t\t<h3 class=\"premium-blog-entry-title\">\r\n\t\t\t<a href=\"https:\/\/datajusta.cl\/es\/noticias\/eje-formativo-data-justa-reunio-a-estudiantes-y-tesistas-en-una-jornada-de-trabajo-y-retroalimentacion\/\" target=\"_self\">\r\n\t\t\t\tEje formativo: Data Justa reuni\u00f3 a estudiantes y tesistas en una jornada de trabajo y retroalimentaci\u00f3n\t\t\t<\/a>\r\n\t\t<\/h3>\r\n\t\t\t\t<div class=\"premium-blog-entry-meta\">\r\n\t\t\t\r\n\t\t\t\t\t\t\t<span class=\"premium-blog-meta-separator\">\u2022<\/span>\r\n\t\t\t\t<div class=\"premium-blog-post-time premium-blog-meta-data\">\r\n\t\t\t\t\t<i class=\"fa fa-calendar-alt\" aria-hidden=\"true\"><\/i>\r\n\t\t\t\t\t<span>enero 22, 2026<\/span>\r\n\t\t\t\t<\/div>\r\n\t\t\t\r\n\t\t\t\r\n\t\t\t\t\t<\/div>\r\n\t\t\r\n\t\t\t\t\t<\/div>\r\n\r\n\t\t\t\t\t\t\t<div class=\"premium-blog-content-inner-wrapper\">\r\n\t\t<p class=\"premium-blog-post-content\">En el marco de su eje formativo, Data Justa realiz\u00f3 el pasado jueves 15 de enero una nueva jornada del Laboratorio Data \u2026<\/p>\t\t<\/div>\r\n\t\t\t\t\t\t\t\r\n\t\t\t\t<\/div>\r\n\t\t\t<\/div>\r\n\t\t<\/div>\r\n\r\n\t\t\t\t<div class=\"premium-blog-post-outer-container\" data-total=\"4\">\r\n\t\t\t<div class=\"premium-blog-post-container premium-blog-skin-classic\">\r\n\t\t\t\t\t\t\t\t\t<div class=\"premium-blog-thumb-effect-wrapper\">\r\n\t\t\t\t\t\t<div class=\"premium-blog-thumbnail-container premium-blog-zoomin-effect\">\r\n\t\t\t\t\t\t\t<img decoding=\"async\" width=\"2560\" height=\"1920\" src=\"https:\/\/datajusta.cl\/wp-content\/uploads\/2026\/01\/20260109_094255-1-scaled.jpg\" class=\"attachment-full size-full wp-image-1979\" alt=\"\" srcset=\"https:\/\/datajusta.cl\/wp-content\/uploads\/2026\/01\/20260109_094255-1-scaled.jpg 2560w, https:\/\/datajusta.cl\/wp-content\/uploads\/2026\/01\/20260109_094255-1-300x225.jpg 300w, https:\/\/datajusta.cl\/wp-content\/uploads\/2026\/01\/20260109_094255-1-1024x768.jpg 1024w, https:\/\/datajusta.cl\/wp-content\/uploads\/2026\/01\/20260109_094255-1-768x576.jpg 768w, https:\/\/datajusta.cl\/wp-content\/uploads\/2026\/01\/20260109_094255-1-1536x1152.jpg 1536w, https:\/\/datajusta.cl\/wp-content\/uploads\/2026\/01\/20260109_094255-1-2048x1536.jpg 2048w, https:\/\/datajusta.cl\/wp-content\/uploads\/2026\/01\/20260109_094255-1-16x12.jpg 16w\" sizes=\"(max-width: 2560px) 100vw, 2560px\" \/>\t\t\t\t\t\t<\/div>\r\n\t\t\t\t\t\t\t\t\t\t\t\t\t<div class=\"premium-blog-thumbnail-overlay\">\r\n\t\t\t\t\t\t\t\t<a class=\"elementor-icon\" href=\"https:\/\/datajusta.cl\/es\/noticias\/investigacion-en-terreno-y-trabajo-colaborativo-en-el-norte-fronterizo\/\" target=\"_self\"><span>Investigaci\u00f3n en terreno y trabajo colaborativo en el norte fronterizo<\/span><\/a>\r\n\t\t\t\t\t\t\t<\/div>\r\n\r\n\t\t\t\t\t\t\t\t\t\t\t\t\t\t\t\t\t\t<\/div>\r\n\t\t\t\t\t\t\t\t\t\t\t\t<div class=\"premium-blog-content-wrapper \">\r\n\r\n\t\t\t\t\t<div class=\"premium-blog-inner-container\">\r\n\r\n\t\t\t\t\t\t\t\t\t\t\t\t\t\t<h3 class=\"premium-blog-entry-title\">\r\n\t\t\t<a href=\"https:\/\/datajusta.cl\/es\/noticias\/investigacion-en-terreno-y-trabajo-colaborativo-en-el-norte-fronterizo\/\" target=\"_self\">\r\n\t\t\t\tInvestigaci\u00f3n en terreno y trabajo colaborativo en el norte fronterizo\t\t\t<\/a>\r\n\t\t<\/h3>\r\n\t\t\t\t<div class=\"premium-blog-entry-meta\">\r\n\t\t\t\r\n\t\t\t\t\t\t\t<span class=\"premium-blog-meta-separator\">\u2022<\/span>\r\n\t\t\t\t<div class=\"premium-blog-post-time premium-blog-meta-data\">\r\n\t\t\t\t\t<i class=\"fa fa-calendar-alt\" aria-hidden=\"true\"><\/i>\r\n\t\t\t\t\t<span>enero 22, 2026<\/span>\r\n\t\t\t\t<\/div>\r\n\t\t\t\r\n\t\t\t\r\n\t\t\t\t\t<\/div>\r\n\t\t\r\n\t\t\t\t\t<\/div>\r\n\r\n\t\t\t\t\t\t\t<div class=\"premium-blog-content-inner-wrapper\">\r\n\t\t<p class=\"premium-blog-post-content\">Durante el mes de enero, parte del equipo de Data Justa realiz\u00f3 una serie de actividades de trabajo de campo en la \u2026<\/p>\t\t<\/div>\r\n\t\t\t\t\t\t\t\r\n\t\t\t\t<\/div>\r\n\t\t\t<\/div>\r\n\t\t<\/div>\r\n\r\n\t\t\t\t<div class=\"premium-blog-post-outer-container\" data-total=\"4\">\r\n\t\t\t<div class=\"premium-blog-post-container premium-blog-skin-classic\">\r\n\t\t\t\t\t\t\t\t\t<div class=\"premium-blog-thumb-effect-wrapper\">\r\n\t\t\t\t\t\t<div class=\"premium-blog-thumbnail-container premium-blog-zoomin-effect\">\r\n\t\t\t\t\t\t\t<img loading=\"lazy\" decoding=\"async\" width=\"1072\" height=\"573\" src=\"https:\/\/datajusta.cl\/wp-content\/uploads\/2025\/12\/WhatsApp-Image-2025-12-09-at-17.01.48-e1765891809504.jpeg\" class=\"attachment-full size-full wp-image-1746\" alt=\"\" srcset=\"https:\/\/datajusta.cl\/wp-content\/uploads\/2025\/12\/WhatsApp-Image-2025-12-09-at-17.01.48-e1765891809504.jpeg 1072w, https:\/\/datajusta.cl\/wp-content\/uploads\/2025\/12\/WhatsApp-Image-2025-12-09-at-17.01.48-e1765891809504-300x160.jpeg 300w, https:\/\/datajusta.cl\/wp-content\/uploads\/2025\/12\/WhatsApp-Image-2025-12-09-at-17.01.48-e1765891809504-1024x547.jpeg 1024w, https:\/\/datajusta.cl\/wp-content\/uploads\/2025\/12\/WhatsApp-Image-2025-12-09-at-17.01.48-e1765891809504-768x411.jpeg 768w, https:\/\/datajusta.cl\/wp-content\/uploads\/2025\/12\/WhatsApp-Image-2025-12-09-at-17.01.48-e1765891809504-18x10.jpeg 18w\" sizes=\"(max-width: 1072px) 100vw, 1072px\" \/>\t\t\t\t\t\t<\/div>\r\n\t\t\t\t\t\t\t\t\t\t\t\t\t<div class=\"premium-blog-thumbnail-overlay\">\r\n\t\t\t\t\t\t\t\t<a class=\"elementor-icon\" href=\"https:\/\/datajusta.cl\/es\/noticias\/exitosa-defensa-de-tesis-de-magister-sobre-etica-e-inteligencia-artificial-en-archivos-de-derechos-humanos\/\" target=\"_self\"><span>Exitosa defensa de tesis de mag\u00edster sobre \u00e9tica e inteligencia artificial en archivos de derechos humanos<\/span><\/a>\r\n\t\t\t\t\t\t\t<\/div>\r\n\r\n\t\t\t\t\t\t\t\t\t\t\t\t\t\t\t\t\t\t<\/div>\r\n\t\t\t\t\t\t\t\t\t\t\t\t<div class=\"premium-blog-content-wrapper \">\r\n\r\n\t\t\t\t\t<div class=\"premium-blog-inner-container\">\r\n\r\n\t\t\t\t\t\t\t\t\t\t\t\t\t\t<h3 class=\"premium-blog-entry-title\">\r\n\t\t\t<a href=\"https:\/\/datajusta.cl\/es\/noticias\/exitosa-defensa-de-tesis-de-magister-sobre-etica-e-inteligencia-artificial-en-archivos-de-derechos-humanos\/\" target=\"_self\">\r\n\t\t\t\tExitosa defensa de tesis de mag\u00edster sobre \u00e9tica e inteligencia artificial en archivos de derechos humanos\t\t\t<\/a>\r\n\t\t<\/h3>\r\n\t\t\t\t<div class=\"premium-blog-entry-meta\">\r\n\t\t\t\r\n\t\t\t\t\t\t\t<span class=\"premium-blog-meta-separator\">\u2022<\/span>\r\n\t\t\t\t<div class=\"premium-blog-post-time premium-blog-meta-data\">\r\n\t\t\t\t\t<i class=\"fa fa-calendar-alt\" aria-hidden=\"true\"><\/i>\r\n\t\t\t\t\t<span>diciembre 16, 2025<\/span>\r\n\t\t\t\t<\/div>\r\n\t\t\t\r\n\t\t\t\r\n\t\t\t\t\t<\/div>\r\n\t\t\r\n\t\t\t\t\t<\/div>\r\n\r\n\t\t\t\t\t\t\t<div class=\"premium-blog-content-inner-wrapper\">\r\n\t\t<p class=\"premium-blog-post-content\">Desde Data Justa destacamos la exitosa defensa de la tesis de mag\u00edster de Jorge Maldonado Soto, ingeniero civil inform\u00e1tico con especializaci\u00f3n en \u2026<\/p>\t\t<\/div>\r\n\t\t\t\t\t\t\t\r\n\t\t\t\t<\/div>\r\n\t\t\t<\/div>\r\n\t\t<\/div>\r\n\r\n\t\t\t\t<div class=\"premium-blog-post-outer-container\" data-total=\"4\">\r\n\t\t\t<div class=\"premium-blog-post-container premium-blog-skin-classic\">\r\n\t\t\t\t\t\t\t\t\t<div class=\"premium-blog-thumb-effect-wrapper\">\r\n\t\t\t\t\t\t<div class=\"premium-blog-thumbnail-container premium-blog-zoomin-effect\">\r\n\t\t\t\t\t\t\t<img loading=\"lazy\" decoding=\"async\" width=\"700\" height=\"393\" src=\"https:\/\/datajusta.cl\/wp-content\/uploads\/2025\/10\/columna-oriana.webp\" class=\"attachment-full size-full wp-image-1703\" alt=\"\" srcset=\"https:\/\/datajusta.cl\/wp-content\/uploads\/2025\/10\/columna-oriana.webp 700w, https:\/\/datajusta.cl\/wp-content\/uploads\/2025\/10\/columna-oriana-300x168.webp 300w, https:\/\/datajusta.cl\/wp-content\/uploads\/2025\/10\/columna-oriana-18x10.webp 18w\" sizes=\"(max-width: 700px) 100vw, 700px\" \/>\t\t\t\t\t\t<\/div>\r\n\t\t\t\t\t\t\t\t\t\t\t\t\t<div class=\"premium-blog-thumbnail-overlay\">\r\n\t\t\t\t\t\t\t\t<a class=\"elementor-icon\" href=\"https:\/\/datajusta.cl\/es\/noticias\/columna-de-opinion-estallido-social-12-mil-delitos-fueron-por-violencia-institucional-y-11-mil-contra-la-propiedad\/\" target=\"_self\"><span>[Columna de opini\u00f3n] Estallido social: 12 mil delitos fueron por violencia institucional y 11 mil contra la propiedad<\/span><\/a>\r\n\t\t\t\t\t\t\t<\/div>\r\n\r\n\t\t\t\t\t\t\t\t\t\t\t\t\t\t\t\t\t\t<\/div>\r\n\t\t\t\t\t\t\t\t\t\t\t\t<div class=\"premium-blog-content-wrapper \">\r\n\r\n\t\t\t\t\t<div class=\"premium-blog-inner-container\">\r\n\r\n\t\t\t\t\t\t\t\t\t\t\t\t\t\t<h3 class=\"premium-blog-entry-title\">\r\n\t\t\t<a href=\"https:\/\/datajusta.cl\/es\/noticias\/columna-de-opinion-estallido-social-12-mil-delitos-fueron-por-violencia-institucional-y-11-mil-contra-la-propiedad\/\" target=\"_self\">\r\n\t\t\t\t[Columna de opini\u00f3n] Estallido social: 12 mil delitos fueron por violencia institucional y 11 mil contra la propiedad\t\t\t<\/a>\r\n\t\t<\/h3>\r\n\t\t\t\t<div class=\"premium-blog-entry-meta\">\r\n\t\t\t\r\n\t\t\t\t\t\t\t<span class=\"premium-blog-meta-separator\">\u2022<\/span>\r\n\t\t\t\t<div class=\"premium-blog-post-time premium-blog-meta-data\">\r\n\t\t\t\t\t<i class=\"fa fa-calendar-alt\" aria-hidden=\"true\"><\/i>\r\n\t\t\t\t\t<span>octubre 20, 2025<\/span>\r\n\t\t\t\t<\/div>\r\n\t\t\t\r\n\t\t\t\r\n\t\t\t\t\t<\/div>\r\n\t\t\r\n\t\t\t\t\t<\/div>\r\n\r\n\t\t\t\t\t\t\t<div class=\"premium-blog-content-inner-wrapper\">\r\n\t\t<p class=\"premium-blog-post-content\">A seis a\u00f1os del estallido social, esta columna publicada en El Mostrador reflexiona sobre el reciente informe de la Fiscal\u00eda y el \u2026<\/p>\t\t<\/div>\r\n\t\t\t\t\t\t\t\r\n\t\t\t\t<\/div>\r\n\t\t\t<\/div>\r\n\t\t<\/div>\r\n\r\n\t\t\t\t<div class=\"premium-blog-post-outer-container\" data-total=\"4\">\r\n\t\t\t<div class=\"premium-blog-post-container premium-blog-skin-classic\">\r\n\t\t\t\t\t\t\t\t\t<div class=\"premium-blog-thumb-effect-wrapper\">\r\n\t\t\t\t\t\t<div class=\"premium-blog-thumbnail-container premium-blog-zoomin-effect\">\r\n\t\t\t\t\t\t\t<img loading=\"lazy\" decoding=\"async\" width=\"545\" height=\"443\" src=\"https:\/\/datajusta.cl\/wp-content\/uploads\/2025\/09\/Foto-entrevista-OB-USACH.png\" class=\"attachment-full size-full wp-image-1691\" alt=\"\" srcset=\"https:\/\/datajusta.cl\/wp-content\/uploads\/2025\/09\/Foto-entrevista-OB-USACH.png 545w, https:\/\/datajusta.cl\/wp-content\/uploads\/2025\/09\/Foto-entrevista-OB-USACH-300x244.png 300w, https:\/\/datajusta.cl\/wp-content\/uploads\/2025\/09\/Foto-entrevista-OB-USACH-15x12.png 15w\" sizes=\"(max-width: 545px) 100vw, 545px\" \/>\t\t\t\t\t\t<\/div>\r\n\t\t\t\t\t\t\t\t\t\t\t\t\t<div class=\"premium-blog-thumbnail-overlay\">\r\n\t\t\t\t\t\t\t\t<a class=\"elementor-icon\" href=\"https:\/\/datajusta.cl\/es\/noticias\/la-importancia-de-investigar-los-registros-y-produccion-de-conocimiento-para-fortalecer-la-democracia\/\" target=\"_self\"><span>La importancia de investigar los registros y producci\u00f3n de conocimiento para fortalecer la democracia<\/span><\/a>\r\n\t\t\t\t\t\t\t<\/div>\r\n\r\n\t\t\t\t\t\t\t\t\t\t\t\t\t\t\t\t\t\t<\/div>\r\n\t\t\t\t\t\t\t\t\t\t\t\t<div class=\"premium-blog-content-wrapper \">\r\n\r\n\t\t\t\t\t<div class=\"premium-blog-inner-container\">\r\n\r\n\t\t\t\t\t\t\t\t\t\t\t\t\t\t<h3 class=\"premium-blog-entry-title\">\r\n\t\t\t<a href=\"https:\/\/datajusta.cl\/es\/noticias\/la-importancia-de-investigar-los-registros-y-produccion-de-conocimiento-para-fortalecer-la-democracia\/\" target=\"_self\">\r\n\t\t\t\tLa importancia de investigar los registros y producci\u00f3n de conocimiento para fortalecer la democracia\t\t\t<\/a>\r\n\t\t<\/h3>\r\n\t\t\t\t<div class=\"premium-blog-entry-meta\">\r\n\t\t\t\r\n\t\t\t\t\t\t\t<span class=\"premium-blog-meta-separator\">\u2022<\/span>\r\n\t\t\t\t<div class=\"premium-blog-post-time premium-blog-meta-data\">\r\n\t\t\t\t\t<i class=\"fa fa-calendar-alt\" aria-hidden=\"true\"><\/i>\r\n\t\t\t\t\t<span>octubre 1, 2025<\/span>\r\n\t\t\t\t<\/div>\r\n\t\t\t\r\n\t\t\t\r\n\t\t\t\t\t<\/div>\r\n\t\t\r\n\t\t\t\t\t<\/div>\r\n\r\n\t\t\t\t\t\t\t<div class=\"premium-blog-content-inner-wrapper\">\r\n\t\t<p class=\"premium-blog-post-content\">En el marco de la serie de entrevistas realizadas por la C\u00e1tedra de Derechos Humanos del Departamento de Historia de la Universidad \u2026<\/p>\t\t<\/div>\r\n\t\t\t\t\t\t\t\r\n\t\t\t\t<\/div>\r\n\t\t\t<\/div>\r\n\t\t<\/div>\r\n\r\n\t\t\t\t<\/div>\r\n\r\n\t\t\t\t\t\t<\/div>\n\t\t\t\t<\/div>\n\t\t\t\t<div class=\"elementor-element elementor-element-5e23293 elementor-mobile-align-justify elementor-align-center elementor-widget elementor-widget-button\" data-id=\"5e23293\" data-element_type=\"widget\" data-widget_type=\"button.default\">\n\t\t\t\t<div class=\"elementor-widget-container\">\n\t\t\t\t\t\t\t\t\t<div class=\"elementor-button-wrapper\">\n\t\t\t\t\t<a class=\"elementor-button elementor-button-link elementor-size-sm\" href=\"\/noticias\">\n\t\t\t\t\t\t<span class=\"elementor-button-content-wrapper\">\n\t\t\t\t\t\t\t\t\t<span class=\"elementor-button-text\">Ver todas las noticias<\/span>\n\t\t\t\t\t<\/span>\n\t\t\t\t\t<\/a>\n\t\t\t\t<\/div>\n\t\t\t\t\t\t\t\t<\/div>\n\t\t\t\t<\/div>\n\t\t\t\t\t<\/div>\n\t\t\t\t<\/section>\n\t\t<div class=\"elementor-element elementor-element-a3116cb e-flex e-con-boxed e-con e-parent\" data-id=\"a3116cb\" data-element_type=\"container\" id=\"seccion-video-presentacion\">\n\t\t\t\t\t<div class=\"e-con-inner\">\n\t\t\t\t<div class=\"elementor-element elementor-element-5b714d3 elementor-widget elementor-widget-video\" data-id=\"5b714d3\" data-element_type=\"widget\" id=\"spanish-video\" data-settings=\"{&quot;youtube_url&quot;:&quot;https:\\\/\\\/www.youtube.com\\\/watch?v=6UT3BoLKcxs&amp;ab_channel=N%C3%BAcleoMilenioDataJusta&quot;,&quot;mute&quot;:&quot;yes&quot;,&quot;loop&quot;:&quot;yes&quot;,&quot;lazy_load&quot;:&quot;yes&quot;,&quot;video_type&quot;:&quot;youtube&quot;,&quot;controls&quot;:&quot;yes&quot;}\" data-widget_type=\"video.default\">\n\t\t\t\t<div class=\"elementor-widget-container\">\n\t\t\t\t\t\t\t<div class=\"elementor-wrapper elementor-open-inline\">\n\t\t\t<div class=\"elementor-video\"><\/div>\t\t<\/div>\n\t\t\t\t\t\t<\/div>\n\t\t\t\t<\/div>\n\t\t\t\t<div class=\"elementor-element elementor-element-306884c hide-video elementor-widget elementor-widget-video\" data-id=\"306884c\" data-element_type=\"widget\" id=\"english-video\" data-settings=\"{&quot;youtube_url&quot;:&quot;https:\\\/\\\/www.youtube.com\\\/watch?v=9NXn0TP0sUs&amp;ab_channel=N%C3%BAcleoMilenioDataJusta&quot;,&quot;mute&quot;:&quot;yes&quot;,&quot;loop&quot;:&quot;yes&quot;,&quot;lazy_load&quot;:&quot;yes&quot;,&quot;video_type&quot;:&quot;youtube&quot;,&quot;controls&quot;:&quot;yes&quot;}\" data-widget_type=\"video.default\">\n\t\t\t\t<div class=\"elementor-widget-container\">\n\t\t\t\t\t\t\t<div class=\"elementor-wrapper elementor-open-inline\">\n\t\t\t<div class=\"elementor-video\"><\/div>\t\t<\/div>\n\t\t\t\t\t\t<\/div>\n\t\t\t\t<\/div>\n\t\t\t\t<div class=\"elementor-element elementor-element-4b798be elementor-widget elementor-widget-html\" data-id=\"4b798be\" data-element_type=\"widget\" data-widget_type=\"html.default\">\n\t\t\t\t<div class=\"elementor-widget-container\">\n\t\t\t\t\t<script>\r\n    document.addEventListener('DOMContentLoaded', () => {\r\n        const language = document.documentElement.lang;\r\n\r\n        if (language === 'en' || language === 'en-US') {\r\n            console.log('English active');\r\n            document.querySelector('#english-video')?.classList.remove('hide-video');\r\n            document.querySelector('#spanish-video')?.classList.add('hide-video');\r\n        } else {\r\n            console.log('Spanish active');\r\n            document.querySelector('#spanish-video')?.classList.remove('hide-video');\r\n            document.querySelector('#english-video')?.classList.add('hide-video');\r\n        }\r\n    });\r\n<\/script>\r\n\r\n<style>\r\n    .hide-video {\r\n        display: none !important;\r\n    }\r\n<\/style>\t\t\t\t<\/div>\n\t\t\t\t<\/div>\n\t\t\t\t\t<\/div>\n\t\t\t\t<\/div>\n\t\t<section class=\"elementor-element elementor-element-c7e4e89 e-flex e-con-boxed e-con e-parent\" data-id=\"c7e4e89\" data-element_type=\"container\" id=\"seccion-texto-sobre-data-justa\">\n\t\t\t\t\t<div class=\"e-con-inner\">\n\t\t\t\t<div class=\"elementor-element elementor-element-29a1d6d animated-slow elementor-widget__width-inherit elementor-invisible elementor-widget elementor-widget-text-editor\" data-id=\"29a1d6d\" data-element_type=\"widget\" data-settings=\"{&quot;_animation&quot;:&quot;fadeInUp&quot;,&quot;_animation_delay&quot;:100}\" data-widget_type=\"text-editor.default\">\n\t\t\t\t<div class=\"elementor-widget-container\">\n\t\t\t\t\t\t\t\t\t<p><span style=\"font-weight: 400;\">Vivimos en una \u00e9poca marcada por la violencia. La producci\u00f3n y difusi\u00f3n de conocimiento es crucial para abordar estas vulneraciones, fomentar su comprensi\u00f3n y promover la justicia, la verdad y la reparaci\u00f3n. Sin embargo, esta tarea enfrenta desaf\u00edos complejos:\u00a0 dispersi\u00f3n de datos, falta de estandarizaci\u00f3n, limitaciones legales, y la incesante repetici\u00f3n del testimonio de las v\u00edctimas. Superar estas brechas es vital para fomentar una sociedad <\/span><b>democr\u00e1tica<\/b><span style=\"font-weight: 400;\">, prevenir la recurrencia y reforzar el <\/span><b>estado de derecho<\/b><span style=\"font-weight: 400;\">.<\/span><\/p><p><span style=\"font-weight: 400;\">El N\u00facleo Milenio DATA JUSTA es una iniciativa cient\u00edfica colaborativa en <\/span><b>ciencias sociales<\/b><span style=\"font-weight: 400;\"> que, mediante teor\u00edas cr\u00edticas y m\u00e9todos etnogr\u00e1ficos, analiza el conocimiento producido por el Estado sobre violaciones a derechos humanos y severas vulneraciones y las respuestas que ofrece a las v\u00edctimas. El proyecto busca perfeccionar los sistemas y pol\u00edticas de datos en esta materia, as\u00ed como la asistencia y reparaci\u00f3n de las v\u00edctimas, aline\u00e1ndose con est\u00e1ndares internacionales.<\/span><\/p><p><span style=\"font-weight: 400;\">La misi\u00f3n de DATA JUSTA es promover la rendici\u00f3n de cuentas, y la protecci\u00f3n y avance progresivo de los derechos humanos para lograr la paz, la justicia, la gobernanza sostenible y el desarrollo social integral.<\/span><\/p><p><span style=\"font-weight: 400;\">El proyecto se despliega en tres l\u00edneas de investigaci\u00f3n: 1. producci\u00f3n y uso de datos, 2. gesti\u00f3n y reparaci\u00f3n de v\u00edctimas, y 3. est\u00e1ndares de cumplimiento estatal de compromisos en relaci\u00f3n con las v\u00edctimas. Y se ocupa de\u00a0 tres vulneraciones: femicidios frustrados, trata de personas y v\u00edctimas del estallido social de 2019 y 2020.<\/span><\/p><p><span style=\"font-weight: 400;\">DATA JUSTA se desarrollar\u00e1 entre 2024 y 2027 con el financiamiento de la Agencia Nacional de Investigaci\u00f3n y Desarrollo (ANID).<\/span><\/p>\t\t\t\t\t\t\t\t<\/div>\n\t\t\t\t<\/div>\n\t\t<div class=\"elementor-element elementor-element-991304b e-con-full animated-slow e-flex elementor-invisible e-con e-child\" data-id=\"991304b\" data-element_type=\"container\" data-settings=\"{&quot;animation&quot;:&quot;fadeInUp&quot;,&quot;animation_delay&quot;:100}\">\n\t\t\t\t<div class=\"elementor-element elementor-element-7df3ecbe elementor-mobile-align-justify elementor-widget elementor-widget-button\" data-id=\"7df3ecbe\" data-element_type=\"widget\" data-widget_type=\"button.default\">\n\t\t\t\t<div class=\"elementor-widget-container\">\n\t\t\t\t\t\t\t\t\t<div class=\"elementor-button-wrapper\">\n\t\t\t\t\t<a class=\"elementor-button elementor-button-link elementor-size-sm\" href=\"\/objetivos\">\n\t\t\t\t\t\t<span class=\"elementor-button-content-wrapper\">\n\t\t\t\t\t\t\t\t\t<span class=\"elementor-button-text\">Objetivos<\/span>\n\t\t\t\t\t<\/span>\n\t\t\t\t\t<\/a>\n\t\t\t\t<\/div>\n\t\t\t\t\t\t\t\t<\/div>\n\t\t\t\t<\/div>\n\t\t\t\t<div class=\"elementor-element elementor-element-67cda675 elementor-mobile-align-justify elementor-widget elementor-widget-button\" data-id=\"67cda675\" data-element_type=\"widget\" data-widget_type=\"button.default\">\n\t\t\t\t<div class=\"elementor-widget-container\">\n\t\t\t\t\t\t\t\t\t<div class=\"elementor-button-wrapper\">\n\t\t\t\t\t<a class=\"elementor-button elementor-button-link elementor-size-sm\" href=\"\/investigacion\">\n\t\t\t\t\t\t<span class=\"elementor-button-content-wrapper\">\n\t\t\t\t\t\t\t\t\t<span class=\"elementor-button-text\">L\u00edneas de investigaci\u00f3n<\/span>\n\t\t\t\t\t<\/span>\n\t\t\t\t\t<\/a>\n\t\t\t\t<\/div>\n\t\t\t\t\t\t\t\t<\/div>\n\t\t\t\t<\/div>\n\t\t\t\t<\/div>\n\t\t\t\t\t<\/div>\n\t\t\t\t<\/section>\n\t\t\t\t<\/div>\n\t\t","protected":false},"excerpt":{"rendered":"<p>Sobre Data Justa \u201cAnalizamos exhaustiva, interdisciplinaria y colaborativamente las infraestructuras de conocimiento del Estado chileno para la gesti\u00f3n de violaciones [&hellip;]<\/p>\n","protected":false},"author":1,"featured_media":0,"parent":0,"menu_order":0,"comment_status":"closed","ping_status":"closed","template":"elementor_header_footer","meta":{"_acf_changed":false,"site-sidebar-layout":"no-sidebar","site-content-layout":"","ast-site-content-layout":"full-width-container","site-content-style":"default","site-sidebar-style":"default","ast-global-header-display":"","ast-banner-title-visibility":"","ast-main-header-display":"","ast-hfb-above-header-display":"","ast-hfb-below-header-display":"","ast-hfb-mobile-header-display":"","site-post-title":"disabled","ast-breadcrumbs-content":"","ast-featured-img":"disabled","footer-sml-layout":"","theme-transparent-header-meta":"","adv-header-id-meta":"","stick-header-meta":"","header-above-stick-meta":"","header-main-stick-meta":"","header-below-stick-meta":"","astra-migrate-meta-layouts":"default","ast-page-background-enabled":"default","ast-page-background-meta":{"desktop":{"background-color":"var(--ast-global-color-4)","background-image":"","background-repeat":"repeat","background-position":"center center","background-size":"auto","background-attachment":"scroll","background-type":"","background-media":"","overlay-type":"","overlay-color":"","overlay-opacity":"","overlay-gradient":""},"tablet":{"background-color":"","background-image":"","background-repeat":"repeat","background-position":"center center","background-size":"auto","background-attachment":"scroll","background-type":"","background-media":"","overlay-type":"","overlay-color":"","overlay-opacity":"","overlay-gradient":""},"mobile":{"background-color":"","background-image":"","background-repeat":"repeat","background-position":"center center","background-size":"auto","background-attachment":"scroll","background-type":"","background-media":"","overlay-type":"","overlay-color":"","overlay-opacity":"","overlay-gradient":""}},"ast-content-background-meta":{"desktop":{"background-color":"var(--ast-global-color-5)","background-image":"","background-repeat":"repeat","background-position":"center center","background-size":"auto","background-attachment":"scroll","background-type":"","background-media":"","overlay-type":"","overlay-color":"","overlay-opacity":"","overlay-gradient":""},"tablet":{"background-color":"var(--ast-global-color-5)","background-image":"","background-repeat":"repeat","background-position":"center center","background-size":"auto","background-attachment":"scroll","background-type":"","background-media":"","overlay-type":"","overlay-color":"","overlay-opacity":"","overlay-gradient":""},"mobile":{"background-color":"var(--ast-global-color-5)","background-image":"","background-repeat":"repeat","background-position":"center center","background-size":"auto","background-attachment":"scroll","background-type":"","background-media":"","overlay-type":"","overlay-color":"","overlay-opacity":"","overlay-gradient":""}},"footnotes":""},"class_list":["post-1749","page","type-page","status-publish","hentry"],"acf":[],"yoast_head":"<!-- This site is optimized with the Yoast SEO plugin v26.6 - https:\/\/yoast.com\/wordpress\/plugins\/seo\/ -->\n<title>Sobre nosotros - Data Justa<\/title>\n<meta name=\"robots\" content=\"index, follow, max-snippet:-1, max-image-preview:large, max-video-preview:-1\" \/>\n<link rel=\"canonical\" href=\"https:\/\/datajusta.cl\/es\/\" \/>\n<meta property=\"og:locale\" content=\"es_ES\" \/>\n<meta property=\"og:type\" content=\"article\" \/>\n<meta property=\"og:title\" content=\"Sobre nosotros - Data Justa\" \/>\n<meta property=\"og:description\" content=\"Sobre Data Justa \u201cAnalizamos exhaustiva, interdisciplinaria y colaborativamente las infraestructuras de conocimiento del Estado chileno para la gesti\u00f3n de violaciones [&hellip;]\" \/>\n<meta property=\"og:url\" content=\"https:\/\/datajusta.cl\/es\/\" \/>\n<meta property=\"og:site_name\" content=\"Data Justa\" \/>\n<meta property=\"article:publisher\" content=\"https:\/\/www.facebook.com\/profile.php?id=61568091486805\" \/>\n<meta property=\"article:modified_time\" content=\"2026-01-14T21:39:15+00:00\" \/>\n<meta property=\"og:image\" content=\"https:\/\/datajusta.cl\/wp-content\/uploads\/2025\/12\/WhatsApp-Image-2025-12-09-at-17.01.48-e1765891809504.jpeg\" \/>\n<meta name=\"twitter:card\" content=\"summary_large_image\" \/>\n<meta name=\"twitter:label1\" content=\"Tiempo de lectura\" \/>\n\t<meta name=\"twitter:data1\" content=\"5 minutos\" \/>\n<script type=\"application\/ld+json\" class=\"yoast-schema-graph\">{\"@context\":\"https:\/\/schema.org\",\"@graph\":[{\"@type\":\"WebPage\",\"@id\":\"https:\/\/datajusta.cl\/\",\"url\":\"https:\/\/datajusta.cl\/\",\"name\":\"Sobre nosotros - Data Justa\",\"isPartOf\":{\"@id\":\"https:\/\/datajusta.cl\/#website\"},\"primaryImageOfPage\":{\"@id\":\"https:\/\/datajusta.cl\/#primaryimage\"},\"image\":{\"@id\":\"https:\/\/datajusta.cl\/#primaryimage\"},\"thumbnailUrl\":\"https:\/\/datajusta.cl\/wp-content\/uploads\/2025\/12\/WhatsApp-Image-2025-12-09-at-17.01.48-e1765891809504.jpeg\",\"datePublished\":\"2026-01-02T01:21:11+00:00\",\"dateModified\":\"2026-01-14T21:39:15+00:00\",\"breadcrumb\":{\"@id\":\"https:\/\/datajusta.cl\/#breadcrumb\"},\"inLanguage\":\"es\",\"potentialAction\":[{\"@type\":\"ReadAction\",\"target\":[\"https:\/\/datajusta.cl\/\"]}]},{\"@type\":\"ImageObject\",\"inLanguage\":\"es\",\"@id\":\"https:\/\/datajusta.cl\/#primaryimage\",\"url\":\"https:\/\/datajusta.cl\/wp-content\/uploads\/2025\/12\/WhatsApp-Image-2025-12-09-at-17.01.48-e1765891809504.jpeg\",\"contentUrl\":\"https:\/\/datajusta.cl\/wp-content\/uploads\/2025\/12\/WhatsApp-Image-2025-12-09-at-17.01.48-e1765891809504.jpeg\"},{\"@type\":\"BreadcrumbList\",\"@id\":\"https:\/\/datajusta.cl\/#breadcrumb\",\"itemListElement\":[{\"@type\":\"ListItem\",\"position\":1,\"name\":\"Home\",\"item\":\"https:\/\/datajusta.cl\/\"},{\"@type\":\"ListItem\",\"position\":2,\"name\":\"Sobre nosotros\"}]},{\"@type\":\"WebSite\",\"@id\":\"https:\/\/datajusta.cl\/#website\",\"url\":\"https:\/\/datajusta.cl\/\",\"name\":\"NupatS\",\"description\":\"N\u00facleo Milenio DATA JUSTA\",\"publisher\":{\"@id\":\"https:\/\/datajusta.cl\/#organization\"},\"potentialAction\":[{\"@type\":\"SearchAction\",\"target\":{\"@type\":\"EntryPoint\",\"urlTemplate\":\"https:\/\/datajusta.cl\/?s={search_term_string}\"},\"query-input\":{\"@type\":\"PropertyValueSpecification\",\"valueRequired\":true,\"valueName\":\"search_term_string\"}}],\"inLanguage\":\"es\"},{\"@type\":\"Organization\",\"@id\":\"https:\/\/datajusta.cl\/#organization\",\"name\":\"NupatS\",\"url\":\"https:\/\/datajusta.cl\/\",\"logo\":{\"@type\":\"ImageObject\",\"inLanguage\":\"es\",\"@id\":\"https:\/\/datajusta.cl\/#\/schema\/logo\/image\/\",\"url\":\"https:\/\/datajusta.cl\/wp-content\/uploads\/2024\/11\/logo-horizontal.webp\",\"contentUrl\":\"https:\/\/datajusta.cl\/wp-content\/uploads\/2024\/11\/logo-horizontal.webp\",\"width\":600,\"height\":228,\"caption\":\"NupatS\"},\"image\":{\"@id\":\"https:\/\/datajusta.cl\/#\/schema\/logo\/image\/\"},\"sameAs\":[\"https:\/\/www.facebook.com\/profile.php?id=61568091486805\",\"https:\/\/www.instagram.com\/nucleomilenionupats\",\"https:\/\/www.linkedin.com\/company\/ncleo-milenio-nupats\/\"]}]}<\/script>\n<!-- \/ Yoast SEO plugin. -->","yoast_head_json":{"title":"Sobre nosotros - Data Justa","robots":{"index":"index","follow":"follow","max-snippet":"max-snippet:-1","max-image-preview":"max-image-preview:large","max-video-preview":"max-video-preview:-1"},"canonical":"https:\/\/datajusta.cl\/es\/","og_locale":"es_ES","og_type":"article","og_title":"Sobre nosotros - Data Justa","og_description":"Sobre Data Justa \u201cAnalizamos exhaustiva, interdisciplinaria y colaborativamente las infraestructuras de conocimiento del Estado chileno para la gesti\u00f3n de violaciones [&hellip;]","og_url":"https:\/\/datajusta.cl\/es\/","og_site_name":"Data Justa","article_publisher":"https:\/\/www.facebook.com\/profile.php?id=61568091486805","article_modified_time":"2026-01-14T21:39:15+00:00","og_image":[{"url":"https:\/\/datajusta.cl\/wp-content\/uploads\/2025\/12\/WhatsApp-Image-2025-12-09-at-17.01.48-e1765891809504.jpeg","type":"","width":"","height":""}],"twitter_card":"summary_large_image","twitter_misc":{"Tiempo de lectura":"5 minutos"},"schema":{"@context":"https:\/\/schema.org","@graph":[{"@type":"WebPage","@id":"https:\/\/datajusta.cl\/","url":"https:\/\/datajusta.cl\/","name":"Sobre nosotros - Data Justa","isPartOf":{"@id":"https:\/\/datajusta.cl\/#website"},"primaryImageOfPage":{"@id":"https:\/\/datajusta.cl\/#primaryimage"},"image":{"@id":"https:\/\/datajusta.cl\/#primaryimage"},"thumbnailUrl":"https:\/\/datajusta.cl\/wp-content\/uploads\/2025\/12\/WhatsApp-Image-2025-12-09-at-17.01.48-e1765891809504.jpeg","datePublished":"2026-01-02T01:21:11+00:00","dateModified":"2026-01-14T21:39:15+00:00","breadcrumb":{"@id":"https:\/\/datajusta.cl\/#breadcrumb"},"inLanguage":"es","potentialAction":[{"@type":"ReadAction","target":["https:\/\/datajusta.cl\/"]}]},{"@type":"ImageObject","inLanguage":"es","@id":"https:\/\/datajusta.cl\/#primaryimage","url":"https:\/\/datajusta.cl\/wp-content\/uploads\/2025\/12\/WhatsApp-Image-2025-12-09-at-17.01.48-e1765891809504.jpeg","contentUrl":"https:\/\/datajusta.cl\/wp-content\/uploads\/2025\/12\/WhatsApp-Image-2025-12-09-at-17.01.48-e1765891809504.jpeg"},{"@type":"BreadcrumbList","@id":"https:\/\/datajusta.cl\/#breadcrumb","itemListElement":[{"@type":"ListItem","position":1,"name":"Home","item":"https:\/\/datajusta.cl\/"},{"@type":"ListItem","position":2,"name":"Sobre nosotros"}]},{"@type":"WebSite","@id":"https:\/\/datajusta.cl\/#website","url":"https:\/\/datajusta.cl\/","name":"NupatS","description":"N\u00facleo Milenio DATA JUSTA","publisher":{"@id":"https:\/\/datajusta.cl\/#organization"},"potentialAction":[{"@type":"SearchAction","target":{"@type":"EntryPoint","urlTemplate":"https:\/\/datajusta.cl\/?s={search_term_string}"},"query-input":{"@type":"PropertyValueSpecification","valueRequired":true,"valueName":"search_term_string"}}],"inLanguage":"es"},{"@type":"Organization","@id":"https:\/\/datajusta.cl\/#organization","name":"NupatS","url":"https:\/\/datajusta.cl\/","logo":{"@type":"ImageObject","inLanguage":"es","@id":"https:\/\/datajusta.cl\/#\/schema\/logo\/image\/","url":"https:\/\/datajusta.cl\/wp-content\/uploads\/2024\/11\/logo-horizontal.webp","contentUrl":"https:\/\/datajusta.cl\/wp-content\/uploads\/2024\/11\/logo-horizontal.webp","width":600,"height":228,"caption":"NupatS"},"image":{"@id":"https:\/\/datajusta.cl\/#\/schema\/logo\/image\/"},"sameAs":["https:\/\/www.facebook.com\/profile.php?id=61568091486805","https:\/\/www.instagram.com\/nucleomilenionupats","https:\/\/www.linkedin.com\/company\/ncleo-milenio-nupats\/"]}]}},"_links":{"self":[{"href":"https:\/\/datajusta.cl\/es\/wp-json\/wp\/v2\/pages\/1749","targetHints":{"allow":["GET"]}}],"collection":[{"href":"https:\/\/datajusta.cl\/es\/wp-json\/wp\/v2\/pages"}],"about":[{"href":"https:\/\/datajusta.cl\/es\/wp-json\/wp\/v2\/types\/page"}],"author":[{"embeddable":true,"href":"https:\/\/datajusta.cl\/es\/wp-json\/wp\/v2\/users\/1"}],"replies":[{"embeddable":true,"href":"https:\/\/datajusta.cl\/es\/wp-json\/wp\/v2\/comments?post=1749"}],"version-history":[{"count":5,"href":"https:\/\/datajusta.cl\/es\/wp-json\/wp\/v2\/pages\/1749\/revisions"}],"predecessor-version":[{"id":1939,"href":"https:\/\/datajusta.cl\/es\/wp-json\/wp\/v2\/pages\/1749\/revisions\/1939"}],"wp:attachment":[{"href":"https:\/\/datajusta.cl\/es\/wp-json\/wp\/v2\/media?parent=1749"}],"curies":[{"name":"wp","href":"https:\/\/api.w.org\/{rel}","templated":true}]}}